{"id":11323,"date":"2022-06-21T17:05:42","date_gmt":"2022-06-21T17:05:42","guid":{"rendered":"https:\/\/www.asturforesta.es\/organization\/"},"modified":"2025-03-26T16:53:04","modified_gmt":"2025-03-26T16:53:04","slug":"organization","status":"publish","type":"page","link":"https:\/\/www.asturforesta.es\/en\/organization\/","title":{"rendered":"Organization"},"content":{"rendered":"<p><div class=\"fusion-fullwidth fullwidth-box fusion-builder-row-1 fusion-flex-container nonhundred-percent-fullwidth non-hundred-percent-height-scrolling\" style=\"--awb-border-radius-top-left:0px;--awb-border-radius-top-right:0px;--awb-border-radius-bottom-right:0px;--awb-border-radius-bottom-left:0px;--awb-flex-wrap:wrap;\" ><div class=\"fusion-builder-row fusion-row fusion-flex-align-items-flex-start fusion-flex-content-wrap\" style=\"max-width:1248px;margin-left: calc(-4% \/ 2 );margin-right: calc(-4% \/ 2 );\"><div class=\"fusion-layout-column fusion_builder_column fusion-builder-column-0 fusion_builder_column_1_1 1_1 fusion-flex-column\" style=\"--awb-padding-top:10px;--awb-padding-right:10px;--awb-padding-bottom:10px;--awb-padding-left:10px;--awb-overflow:hidden;--awb-bg-color:var(--awb-color5);--awb-bg-color-hover:var(--awb-color5);--awb-bg-size:cover;--awb-border-radius:3px 3px 3px 3px;--awb-width-large:100%;--awb-margin-top-large:0px;--awb-spacing-right-large:1.92%;--awb-margin-bottom-large:30px;--awb-spacing-left-large:1.92%;--awb-width-medium:100%;--awb-order-medium:0;--awb-spacing-right-medium:1.92%;--awb-spacing-left-medium:1.92%;--awb-width-small:100%;--awb-order-small:0;--awb-spacing-right-small:1.92%;--awb-spacing-left-small:1.92%;\"><div class=\"fusion-column-wrapper fusion-column-has-shadow fusion-flex-justify-content-flex-start fusion-content-layout-column\"><div class=\"fusion-title title fusion-title-1 fusion-sep-none fusion-title-text fusion-title-size-two\" style=\"--awb-text-color:var(--awb-color2);--awb-margin-bottom:5px;--awb-margin-left:200px;--awb-sep-color:var(--awb-color6);--awb-font-size:25PX;\"><h2 class=\"fusion-title-heading title-heading-left\" style=\"font-family:&quot;Oswald&quot;;font-style:normal;font-weight:300;margin:0;text-transform:uppercase;font-size:1em;\"><strong>MANAGEMENT TEAM<\/strong><\/h2><\/div><\/div><\/div><div class=\"fusion-layout-column fusion_builder_column fusion-builder-column-1 fusion_builder_column_1_4 1_4 fusion-flex-column\" style=\"--awb-bg-size:cover;--awb-width-large:25%;--awb-margin-top-large:0px;--awb-spacing-right-large:7.68%;--awb-margin-bottom-large:20px;--awb-spacing-left-large:7.68%;--awb-width-medium:25%;--awb-order-medium:0;--awb-spacing-right-medium:7.68%;--awb-spacing-left-medium:7.68%;--awb-width-small:100%;--awb-order-small:0;--awb-spacing-right-small:1.92%;--awb-spacing-left-small:1.92%;\"><div class=\"fusion-column-wrapper fusion-column-has-shadow fusion-flex-justify-content-flex-start fusion-content-layout-column\"><div class=\"fusion-image-element \" style=\"text-align:center;--awb-aspect-ratio:1 \/ 1;--awb-object-position:50% 30%;--awb-mask-url: url(https:\/\/www.asturforesta.es\/wp-content\/plugins\/fusion-builder\/\/assets\/images\/masks\/mask-10.svg);--awb-max-width:150px;--awb-caption-title-font-family:var(--h2_typography-font-family);--awb-caption-title-font-weight:var(--h2_typography-font-weight);--awb-caption-title-font-style:var(--h2_typography-font-style);--awb-caption-title-size:var(--h2_typography-font-size);--awb-caption-title-transform:var(--h2_typography-text-transform);--awb-caption-title-line-height:var(--h2_typography-line-height);--awb-caption-title-letter-spacing:var(--h2_typography-letter-spacing);\"><div style=\"display:inline-block;width:150px;\"><span class=\" fusion-imageframe imageframe-none imageframe-1 hover-type-none has-mask has-aspect-ratio\"><img decoding=\"async\" width=\"90\" height=\"97\" alt=\"Marcos Da Rocha\" title=\"asturforesta-logo-web-\" src=\"https:\/\/www.asturforesta.es\/wp-content\/uploads\/2022\/06\/asturforesta-logo-web-.png\" class=\"img-responsive wp-image-11014 img-with-aspect-ratio\" data-parent-fit=\"cover\" data-parent-container=\".fusion-image-element\" \/><\/span><\/div><\/div><div class=\"fusion-title title fusion-title-2 fusion-sep-none fusion-title-center fusion-title-text fusion-title-size-three\" style=\"--awb-text-color:var(--awb-color5);--awb-margin-top:15PX;--awb-margin-bottom:7px;--awb-sep-color:var(--awb-color6);--awb-font-size:15PX;\"><h3 class=\"fusion-title-heading title-heading-center\" style=\"font-family:&quot;Oswald&quot;;font-style:normal;font-weight:300;margin:0;text-transform:uppercase;font-size:1em;\"><p style=\"text-align: center;\"><strong>Councilor delegate of Local Economic Development<\/strong><\/p><\/h3><\/div><div class=\"fusion-separator\" style=\"align-self: center;margin-left: auto;margin-right: auto;margin-top:0px;margin-bottom:15px;width:100%;max-width:80%;\"><div class=\"fusion-separator-border sep-single sep-solid\" style=\"--awb-height:20px;--awb-amount:20px;--awb-sep-color:var(--awb-color5);border-color:var(--awb-color5);border-top-width:1px;\"><\/div><\/div><div class=\"fusion-text fusion-text-1\"><p>Esther L\u00f3pez<br \/>\nCouncilor delegate of Local Economic Development, Promotion of Private Employment and Tourism<br \/>\nTineo City Council<\/p>\n<p>estherlf@tineo.es<br \/>\n+34 985 801 976<\/p>\n<\/div><\/div><\/div><div class=\"fusion-layout-column fusion_builder_column fusion-builder-column-2 fusion_builder_column_1_4 1_4 fusion-flex-column\" style=\"--awb-bg-size:cover;--awb-width-large:25%;--awb-margin-top-large:0px;--awb-spacing-right-large:7.68%;--awb-margin-bottom-large:20px;--awb-spacing-left-large:7.68%;--awb-width-medium:25%;--awb-order-medium:0;--awb-spacing-right-medium:7.68%;--awb-spacing-left-medium:7.68%;--awb-width-small:100%;--awb-order-small:0;--awb-spacing-right-small:1.92%;--awb-spacing-left-small:1.92%;\"><div class=\"fusion-column-wrapper fusion-column-has-shadow fusion-flex-justify-content-flex-start fusion-content-layout-column\"><div class=\"fusion-image-element \" style=\"text-align:center;--awb-aspect-ratio:1 \/ 1;--awb-object-position:42% 52%;--awb-mask-url: url(https:\/\/www.asturforesta.es\/wp-content\/plugins\/fusion-builder\/\/assets\/images\/masks\/mask-10.svg);--awb-max-width:150px;--awb-caption-title-font-family:var(--h2_typography-font-family);--awb-caption-title-font-weight:var(--h2_typography-font-weight);--awb-caption-title-font-style:var(--h2_typography-font-style);--awb-caption-title-size:var(--h2_typography-font-size);--awb-caption-title-transform:var(--h2_typography-text-transform);--awb-caption-title-line-height:var(--h2_typography-line-height);--awb-caption-title-letter-spacing:var(--h2_typography-letter-spacing);\"><div style=\"display:inline-block;width:150px;\"><span class=\" fusion-imageframe imageframe-none imageframe-2 hover-type-none has-mask has-aspect-ratio\"><img decoding=\"async\" width=\"692\" height=\"577\" alt=\"Marcos Da Rocha\" title=\"1716188025975(1)\" src=\"https:\/\/www.asturforesta.es\/wp-content\/uploads\/2024\/05\/17161880259751.jpg\" class=\"img-responsive wp-image-12225 img-with-aspect-ratio\" data-parent-fit=\"cover\" data-parent-container=\".fusion-image-element\" srcset=\"https:\/\/www.asturforesta.es\/wp-content\/uploads\/2024\/05\/17161880259751-200x167.jpg 200w, https:\/\/www.asturforesta.es\/wp-content\/uploads\/2024\/05\/17161880259751-400x334.jpg 400w, https:\/\/www.asturforesta.es\/wp-content\/uploads\/2024\/05\/17161880259751-600x500.jpg 600w, https:\/\/www.asturforesta.es\/wp-content\/uploads\/2024\/05\/17161880259751.jpg 692w\" sizes=\"(max-width: 640px) 100vw, 400px\" \/><\/span><\/div><\/div><div class=\"fusion-title title fusion-title-3 fusion-sep-none fusion-title-center fusion-title-text fusion-title-size-three\" style=\"--awb-text-color:var(--awb-color5);--awb-margin-top:15PX;--awb-margin-bottom:7px;--awb-sep-color:var(--awb-color6);--awb-font-size:15PX;\"><h3 class=\"fusion-title-heading title-heading-center\" style=\"font-family:&quot;Oswald&quot;;font-style:normal;font-weight:300;margin:0;text-transform:uppercase;font-size:1em;\"><p style=\"text-align: center;\"><strong>ASTURFORESTA&#8217;S DIRECTOR<\/strong><\/p><\/h3><\/div><div class=\"fusion-separator\" style=\"align-self: center;margin-left: auto;margin-right: auto;margin-top:0px;margin-bottom:15px;width:100%;max-width:80%;\"><div class=\"fusion-separator-border sep-single sep-solid\" style=\"--awb-height:20px;--awb-amount:20px;--awb-sep-color:var(--awb-color5);border-color:var(--awb-color5);border-top-width:1px;\"><\/div><\/div><div class=\"fusion-text fusion-text-2\"><p style=\"text-align: center;\"><strong>Miss Ana P\u00e9rez \u00c1lvarez<\/strong><br \/>\n<em>Local Development Agency<br \/>\nTineo City Council<\/em><\/p>\n<p style=\"text-align: center;\">anaperez@tineo.es<br \/>\n+34 985 801 976 ext. 11<\/p>\n<\/div><\/div><\/div><div class=\"fusion-layout-column fusion_builder_column fusion-builder-column-3 fusion_builder_column_1_4 1_4 fusion-flex-column\" style=\"--awb-bg-size:cover;--awb-width-large:25%;--awb-margin-top-large:0px;--awb-spacing-right-large:7.68%;--awb-margin-bottom-large:20px;--awb-spacing-left-large:7.68%;--awb-width-medium:25%;--awb-order-medium:0;--awb-spacing-right-medium:7.68%;--awb-spacing-left-medium:7.68%;--awb-width-small:100%;--awb-order-small:0;--awb-spacing-right-small:1.92%;--awb-spacing-left-small:1.92%;\"><div class=\"fusion-column-wrapper fusion-column-has-shadow fusion-flex-justify-content-flex-start fusion-content-layout-column\"><div class=\"fusion-image-element \" style=\"text-align:center;--awb-aspect-ratio:1 \/ 1;--awb-object-position:49% 13%;--awb-mask-url: url(https:\/\/www.asturforesta.es\/wp-content\/plugins\/fusion-builder\/\/assets\/images\/masks\/mask-10.svg);--awb-max-width:150px;--awb-caption-title-font-family:var(--h2_typography-font-family);--awb-caption-title-font-weight:var(--h2_typography-font-weight);--awb-caption-title-font-style:var(--h2_typography-font-style);--awb-caption-title-size:var(--h2_typography-font-size);--awb-caption-title-transform:var(--h2_typography-text-transform);--awb-caption-title-line-height:var(--h2_typography-line-height);--awb-caption-title-letter-spacing:var(--h2_typography-letter-spacing);\"><div style=\"display:inline-block;width:150px;\"><span class=\" fusion-imageframe imageframe-none imageframe-3 hover-type-none has-mask has-aspect-ratio\"><img decoding=\"async\" width=\"1425\" height=\"2484\" alt=\"Manuel Benigno\" title=\"a-manolo\" src=\"https:\/\/www.asturforesta.es\/wp-content\/uploads\/2020\/06\/a-manolo.jpg\" class=\"img-responsive wp-image-10104 img-with-aspect-ratio\" data-parent-fit=\"cover\" data-parent-container=\".fusion-image-element\" srcset=\"https:\/\/www.asturforesta.es\/wp-content\/uploads\/2020\/06\/a-manolo-172x300.jpg 172w, https:\/\/www.asturforesta.es\/wp-content\/uploads\/2020\/06\/a-manolo-587x1024.jpg 587w, https:\/\/www.asturforesta.es\/wp-content\/uploads\/2020\/06\/a-manolo-768x1339.jpg 768w, https:\/\/www.asturforesta.es\/wp-content\/uploads\/2020\/06\/a-manolo.jpg 1425w\" sizes=\"(max-width: 1425px) 100vw, 1425px\" \/><\/span><\/div><\/div><div class=\"fusion-title title fusion-title-4 fusion-sep-none fusion-title-center fusion-title-text fusion-title-size-three\" style=\"--awb-text-color:var(--awb-color5);--awb-margin-top:15PX;--awb-margin-bottom:7px;--awb-sep-color:var(--awb-color6);--awb-font-size:15PX;\"><h3 class=\"fusion-title-heading title-heading-center\" style=\"font-family:&quot;Oswald&quot;;font-style:normal;font-weight:300;margin:0;text-transform:uppercase;font-size:1em;\"><p style=\"text-align: center;\"><strong>SECRETARY ORGANIZATION<\/strong><\/p><\/h3><\/div><div class=\"fusion-separator\" style=\"align-self: center;margin-left: auto;margin-right: auto;margin-top:0px;margin-bottom:15px;width:100%;max-width:80%;\"><div class=\"fusion-separator-border sep-single sep-solid\" style=\"--awb-height:20px;--awb-amount:20px;--awb-sep-color:var(--awb-color5);border-color:var(--awb-color5);border-top-width:1px;\"><\/div><\/div><div class=\"fusion-text fusion-text-3\"><p style=\"text-align: center;\"><strong>Mr. Manuel Benigno Fern\u00e1ndez Garc\u00eda<\/strong><br \/>\n<em>Economist<br \/>\nTineo City Council<\/em><\/p>\n<p style=\"text-align: center;\">manuelfg@tineo.es<br \/>\n+34 985 801 976 ext. 16<\/p>\n<\/div><\/div><\/div><div class=\"fusion-layout-column fusion_builder_column fusion-builder-column-4 fusion_builder_column_1_4 1_4 fusion-flex-column\" style=\"--awb-bg-size:cover;--awb-width-large:25%;--awb-margin-top-large:0px;--awb-spacing-right-large:7.68%;--awb-margin-bottom-large:20px;--awb-spacing-left-large:7.68%;--awb-width-medium:25%;--awb-order-medium:0;--awb-spacing-right-medium:7.68%;--awb-spacing-left-medium:7.68%;--awb-width-small:100%;--awb-order-small:0;--awb-spacing-right-small:1.92%;--awb-spacing-left-small:1.92%;\"><div class=\"fusion-column-wrapper fusion-column-has-shadow fusion-flex-justify-content-flex-start fusion-content-layout-column\"><div class=\"fusion-image-element \" style=\"text-align:center;--awb-aspect-ratio:1 \/ 1;--awb-object-position:82% 33%;--awb-mask-url: url(https:\/\/www.asturforesta.es\/wp-content\/plugins\/fusion-builder\/\/assets\/images\/masks\/mask-10.svg);--awb-max-width:150px;--awb-caption-title-font-family:var(--h2_typography-font-family);--awb-caption-title-font-weight:var(--h2_typography-font-weight);--awb-caption-title-font-style:var(--h2_typography-font-style);--awb-caption-title-size:var(--h2_typography-font-size);--awb-caption-title-transform:var(--h2_typography-text-transform);--awb-caption-title-line-height:var(--h2_typography-line-height);--awb-caption-title-letter-spacing:var(--h2_typography-letter-spacing);\"><div style=\"display:inline-block;width:150px;\"><span class=\" fusion-imageframe imageframe-none imageframe-4 hover-type-none has-mask has-aspect-ratio\"><img decoding=\"async\" width=\"3196\" height=\"4616\" alt=\"Marcos Da Rocha\" title=\"alejo\" src=\"https:\/\/www.asturforesta.es\/wp-content\/uploads\/2020\/04\/alejo.jpg\" class=\"img-responsive wp-image-10082 img-with-aspect-ratio\" data-parent-fit=\"cover\" data-parent-container=\".fusion-image-element\" srcset=\"https:\/\/www.asturforesta.es\/wp-content\/uploads\/2020\/04\/alejo-208x300.jpg 208w, https:\/\/www.asturforesta.es\/wp-content\/uploads\/2020\/04\/alejo-709x1024.jpg 709w, https:\/\/www.asturforesta.es\/wp-content\/uploads\/2020\/04\/alejo-768x1109.jpg 768w, https:\/\/www.asturforesta.es\/wp-content\/uploads\/2020\/04\/alejo.jpg 3196w\" sizes=\"(max-width: 3196px) 100vw, 3196px\" \/><\/span><\/div><\/div><div class=\"fusion-title title fusion-title-5 fusion-sep-none fusion-title-center fusion-title-text fusion-title-size-three\" style=\"--awb-text-color:var(--awb-color5);--awb-margin-top:15PX;--awb-margin-bottom:7px;--awb-sep-color:var(--awb-color6);--awb-font-size:15PX;\"><h3 class=\"fusion-title-heading title-heading-center\" style=\"font-family:&quot;Oswald&quot;;font-style:normal;font-weight:300;margin:0;text-transform:uppercase;font-size:1em;\"><p style=\"text-align: center;\"><strong>FORESTRY TECHNICAL ADVISOR<\/strong><\/p><\/h3><\/div><div class=\"fusion-separator\" style=\"align-self: center;margin-left: auto;margin-right: auto;margin-top:0px;margin-bottom:15px;width:100%;max-width:80%;\"><div class=\"fusion-separator-border sep-single sep-solid\" style=\"--awb-height:20px;--awb-amount:20px;--awb-sep-color:var(--awb-color5);border-color:var(--awb-color5);border-top-width:1px;\"><\/div><\/div><div class=\"fusion-text fusion-text-4\"><p style=\"text-align: center;\"><strong>Mr. Alejo Migu\u00e9lez Puerto<\/strong><br \/>\n<em>Forestry Engineer<br \/>\nTineo City Council<\/em><\/p>\n<p style=\"text-align: center;\">alejo@tineo.es<br \/>\n+34 985 801 976 ext. 14<\/p>\n<\/div><\/div><\/div><\/div><\/div><div class=\"fusion-fullwidth fullwidth-box fusion-builder-row-2 fusion-flex-container nonhundred-percent-fullwidth non-hundred-percent-height-scrolling\" style=\"--awb-border-radius-top-left:0px;--awb-border-radius-top-right:0px;--awb-border-radius-bottom-right:0px;--awb-border-radius-bottom-left:0px;--awb-margin-top:30px;--awb-flex-wrap:wrap;\" ><div class=\"fusion-builder-row fusion-row fusion-flex-align-items-flex-start fusion-flex-content-wrap\" style=\"max-width:1248px;margin-left: calc(-4% \/ 2 );margin-right: calc(-4% \/ 2 );\"><div class=\"fusion-layout-column fusion_builder_column fusion-builder-column-5 fusion_builder_column_1_1 1_1 fusion-flex-column\" style=\"--awb-padding-top:10px;--awb-padding-right:10px;--awb-padding-bottom:10px;--awb-padding-left:10px;--awb-overflow:hidden;--awb-bg-color:var(--awb-color6);--awb-bg-color-hover:var(--awb-color6);--awb-bg-size:cover;--awb-border-radius:3px 3px 3px 3px;--awb-width-large:100%;--awb-margin-top-large:0px;--awb-spacing-right-large:1.92%;--awb-margin-bottom-large:40px;--awb-spacing-left-large:1.92%;--awb-width-medium:100%;--awb-order-medium:0;--awb-spacing-right-medium:1.92%;--awb-spacing-left-medium:1.92%;--awb-width-small:100%;--awb-order-small:0;--awb-spacing-right-small:1.92%;--awb-spacing-left-small:1.92%;\"><div class=\"fusion-column-wrapper fusion-column-has-shadow fusion-flex-justify-content-flex-start fusion-content-layout-column\"><div class=\"fusion-title title fusion-title-6 fusion-sep-none fusion-title-text fusion-title-size-two\" style=\"--awb-text-color:var(--awb-color2);--awb-margin-bottom:5px;--awb-margin-left:200px;--awb-sep-color:var(--awb-color6);--awb-font-size:25PX;\"><h2 class=\"fusion-title-heading title-heading-left\" style=\"font-family:&quot;Oswald&quot;;font-style:normal;font-weight:300;margin:0;text-transform:uppercase;font-size:1em;\"><strong>ASTURFORESTA ORGANIZING COMMITTEE<\/strong><\/h2><\/div><\/div><\/div><div class=\"fusion-layout-column fusion_builder_column fusion-builder-column-6 fusion_builder_column_1_6 1_6 fusion-flex-column\" style=\"--awb-bg-size:cover;--awb-width-large:16.666666666667%;--awb-margin-top-large:0px;--awb-spacing-right-large:11.52%;--awb-margin-bottom-large:20px;--awb-spacing-left-large:11.52%;--awb-width-medium:16.666666666667%;--awb-order-medium:0;--awb-spacing-right-medium:11.52%;--awb-spacing-left-medium:11.52%;--awb-width-small:100%;--awb-order-small:0;--awb-spacing-right-small:1.92%;--awb-spacing-left-small:1.92%;\"><div class=\"fusion-column-wrapper fusion-column-has-shadow fusion-flex-justify-content-flex-start fusion-content-layout-column\"><\/div><\/div><div class=\"fusion-layout-column fusion_builder_column fusion-builder-column-7 fusion_builder_column_2_3 2_3 fusion-flex-column\" style=\"--awb-padding-top:15px;--awb-padding-right:15px;--awb-padding-bottom:15px;--awb-padding-left:15px;--awb-overflow:hidden;--awb-bg-color:#efeded;--awb-bg-color-hover:#efeded;--awb-bg-size:cover;--awb-border-radius:3px 3px 3px 3px;--awb-width-large:66.666666666667%;--awb-margin-top-large:0px;--awb-spacing-right-large:2.88%;--awb-margin-bottom-large:40px;--awb-spacing-left-large:2.88%;--awb-width-medium:66.666666666667%;--awb-order-medium:0;--awb-spacing-right-medium:2.88%;--awb-spacing-left-medium:2.88%;--awb-width-small:100%;--awb-order-small:0;--awb-spacing-right-small:1.92%;--awb-spacing-left-small:1.92%;\"><div class=\"fusion-column-wrapper fusion-column-has-shadow fusion-flex-justify-content-flex-start fusion-content-layout-column\"><div class=\"fusion-text fusion-text-5\"><p align=\"justify\">The <span style=\"color: #9f7d00;\"><strong>Asturforesta Organizing Committee<\/strong><\/span>, formed by all the representatives of the Spanish forestry sector, is the platform from which the general guidelines to be followed during the preparation and execution of the fair are established among all the members.<\/p>\n<p align=\"justify\">This is a &#8220;Council&#8221; where the market strategy to be followed is determined and also decides on the members of the Security Committee. The Asturforesta Committee is made up of:<\/p>\n<\/div><\/div><\/div><div class=\"fusion-layout-column fusion_builder_column fusion-builder-column-8 fusion_builder_column_2_5 2_5 fusion-flex-column\" style=\"--awb-bg-size:cover;--awb-width-large:40%;--awb-margin-top-large:0px;--awb-spacing-right-large:4.8%;--awb-margin-bottom-large:20px;--awb-spacing-left-large:4.8%;--awb-width-medium:40%;--awb-order-medium:0;--awb-spacing-right-medium:4.8%;--awb-spacing-left-medium:4.8%;--awb-width-small:100%;--awb-order-small:0;--awb-spacing-right-small:1.92%;--awb-spacing-left-small:1.92%;\"><div class=\"fusion-column-wrapper fusion-column-has-shadow fusion-flex-justify-content-flex-start fusion-content-layout-column\"><div class=\"fusion-title title fusion-title-7 fusion-sep-none fusion-title-text fusion-title-size-two\" style=\"--awb-text-color:var(--awb-color6);--awb-margin-bottom:5px;--awb-margin-left:15px;--awb-sep-color:var(--awb-color6);--awb-font-size:25PX;\"><h2 class=\"fusion-title-heading title-heading-left\" style=\"font-family:&quot;Oswald&quot;;font-style:normal;font-weight:300;margin:0;text-transform:uppercase;font-size:1em;\">HONOR COMMITTEE<\/h2><\/div><div class=\"fusion-separator\" style=\"align-self: flex-start;margin-right:auto;margin-top:0px;margin-bottom:15px;width:100%;max-width:80%;\"><div class=\"fusion-separator-border sep-single sep-solid\" style=\"--awb-height:20px;--awb-amount:20px;--awb-sep-color:var(--awb-color6);border-color:var(--awb-color6);border-top-width:1px;\"><\/div><\/div><div class=\"fusion-title title fusion-title-8 fusion-sep-none fusion-title-text fusion-title-size-three\" style=\"--awb-text-color:#7f7c7c;--awb-margin-bottom:7px;--awb-margin-left:15px;--awb-sep-color:var(--awb-color6);--awb-font-size:15PX;\"><h3 class=\"fusion-title-heading title-heading-left\" style=\"font-family:&quot;Oswald&quot;;font-style:normal;font-weight:300;margin:0;text-transform:uppercase;font-size:1em;\"><strong>PRESIDENCY<\/strong><\/h3><\/div><div class=\"fusion-text fusion-text-6\"><p><strong>Mr. Adri\u00e1n Barb\u00f3n Rodr\u00edguez<\/strong><br \/>\n<em>President of the Principality of Asturias<\/em><\/p>\n<p><strong>Miss Sara Aagesen Mu\u00f1oz <\/strong><br \/>\n<em>Minister for Ecological Transition and the Demographic Challenge<\/em><\/p>\n<\/div><div class=\"fusion-title title fusion-title-9 fusion-sep-none fusion-title-text fusion-title-size-three\" style=\"--awb-text-color:#7f7c7c;--awb-margin-bottom:7px;--awb-margin-left:15px;--awb-sep-color:var(--awb-color6);--awb-font-size:15PX;\"><h3 class=\"fusion-title-heading title-heading-left\" style=\"font-family:&quot;Oswald&quot;;font-style:normal;font-weight:300;margin:0;text-transform:uppercase;font-size:1em;\"><strong>VICE-PRESIDENCY<\/strong><\/h3><\/div><div class=\"fusion-text fusion-text-7\"><p><strong>Mr. Marcelino Marcos L\u00edndez<\/strong><br \/>\n<em>Regional Minister for Rural Affairs and Agricultural Policy of the Principality of Asturias<\/em><\/p>\n<p><strong>Miss Mar\u00eda Jes\u00fas Rodr\u00edguez de Sancho<\/strong><br \/>\n<em>General Directorate of Biodiversity, Forests and Desertification of the Ministry of Ecological Transition and Demographic Challenge<\/em><\/p>\n<\/div><\/div><\/div><div class=\"fusion-layout-column fusion_builder_column fusion-builder-column-9 fusion_builder_column_3_5 3_5 fusion-flex-column\" style=\"--awb-bg-size:cover;--awb-width-large:60%;--awb-margin-top-large:0px;--awb-spacing-right-large:3.2%;--awb-margin-bottom-large:20px;--awb-spacing-left-large:3.2%;--awb-width-medium:60%;--awb-order-medium:0;--awb-spacing-right-medium:3.2%;--awb-spacing-left-medium:3.2%;--awb-width-small:100%;--awb-order-small:0;--awb-spacing-right-small:1.92%;--awb-spacing-left-small:1.92%;\"><div class=\"fusion-column-wrapper fusion-column-has-shadow fusion-flex-justify-content-flex-start fusion-content-layout-column\"><div class=\"fusion-title title fusion-title-10 fusion-sep-none fusion-title-text fusion-title-size-two\" style=\"--awb-text-color:var(--awb-color6);--awb-margin-bottom:5px;--awb-margin-left:15px;--awb-sep-color:var(--awb-color6);--awb-font-size:25PX;\"><h2 class=\"fusion-title-heading title-heading-left\" style=\"font-family:&quot;Oswald&quot;;font-style:normal;font-weight:300;margin:0;text-transform:uppercase;font-size:1em;\">EXECUTIVE COMMITTEE<\/h2><\/div><div class=\"fusion-separator\" style=\"align-self: flex-start;margin-right:auto;margin-top:0px;margin-bottom:15px;width:100%;max-width:80%;\"><div class=\"fusion-separator-border sep-single sep-solid\" style=\"--awb-height:20px;--awb-amount:20px;--awb-sep-color:var(--awb-color6);border-color:var(--awb-color6);border-top-width:1px;\"><\/div><\/div><div class=\"fusion-title title fusion-title-11 fusion-sep-none fusion-title-text fusion-title-size-three\" style=\"--awb-text-color:#7f7c7c;--awb-margin-bottom:7px;--awb-margin-left:15px;--awb-sep-color:var(--awb-color6);--awb-font-size:15PX;\"><h3 class=\"fusion-title-heading title-heading-left\" style=\"font-family:&quot;Oswald&quot;;font-style:normal;font-weight:300;margin:0;text-transform:uppercase;font-size:1em;\"><strong>PRESIDENCY<\/strong><\/h3><\/div><div class=\"fusion-text fusion-text-8\"><p><strong>Mr. Javier Vigil Fabi\u00e1n<\/strong><br \/>\nDirector General of Forestry Management of the Principality of Asturias<\/p>\n<p><strong>Mr. Guillermo Jos\u00e9 Fern\u00e1ndez Centeno<\/strong><br \/>\n<em>Deputy Director General for Forestry Policy and Combating Desertification Ministry of Ecological Transition and Demographic Challenge<br \/>\n<\/em><\/p>\n<\/div><div class=\"fusion-title title fusion-title-12 fusion-sep-none fusion-title-text fusion-title-size-three\" style=\"--awb-text-color:#7f7c7c;--awb-margin-bottom:7px;--awb-margin-left:15px;--awb-sep-color:var(--awb-color6);--awb-font-size:15PX;\"><h3 class=\"fusion-title-heading title-heading-left\" style=\"font-family:&quot;Oswald&quot;;font-style:normal;font-weight:300;margin:0;text-transform:uppercase;font-size:1em;\"><strong>VICE-PRESIDENCY<\/strong><\/h3><\/div><div class=\"fusion-text fusion-text-9\"><p><strong>Miss Montserrat Fern\u00e1ndez \u00c1lvarez<\/strong><br \/>\n<em>Mayor of the Municipality of Tineo<\/em><\/p>\n<\/div><div class=\"fusion-title title fusion-title-13 fusion-sep-none fusion-title-text fusion-title-size-three\" style=\"--awb-text-color:#7f7c7c;--awb-margin-bottom:7px;--awb-margin-left:15px;--awb-sep-color:var(--awb-color6);--awb-font-size:15PX;\"><h3 class=\"fusion-title-heading title-heading-left\" style=\"font-family:&quot;Oswald&quot;;font-style:normal;font-weight:300;margin:0;text-transform:uppercase;font-size:1em;\"><strong>COUNCILLOR FOR ECONOMIC DEVELOPMENT<\/strong><\/h3><\/div><div class=\"fusion-text fusion-text-10\"><p>Miss Esther L\u00f3pez<br \/>\nCouncillor for Local Economic Development, Promotion of Private Employment and Tourism<\/p>\n<\/div><div class=\"fusion-title title fusion-title-14 fusion-sep-none fusion-title-text fusion-title-size-three\" style=\"--awb-text-color:#7f7c7c;--awb-margin-bottom:7px;--awb-margin-left:15px;--awb-sep-color:var(--awb-color6);--awb-font-size:15PX;\"><h3 class=\"fusion-title-heading title-heading-left\" style=\"font-family:&quot;Oswald&quot;;font-style:normal;font-weight:300;margin:0;text-transform:uppercase;font-size:1em;\"><strong>DIRECTOR OF ASTURFORESTA<\/strong><\/h3><\/div><div class=\"fusion-text fusion-text-11\"><p><strong>Miss Ana P\u00e9rez \u00c1lvarez<\/strong><br \/>\nDirector of Asturforesta<\/p>\n<\/div><div class=\"fusion-title title fusion-title-15 fusion-sep-none fusion-title-text fusion-title-size-three\" style=\"--awb-text-color:#7f7c7c;--awb-margin-bottom:7px;--awb-margin-left:15px;--awb-sep-color:var(--awb-color6);--awb-font-size:15PX;\"><h3 class=\"fusion-title-heading title-heading-left\" style=\"font-family:&quot;Oswald&quot;;font-style:normal;font-weight:300;margin:0;text-transform:uppercase;font-size:1em;\"><strong>ORGANIZATIONAL SECRETARY<\/strong><\/h3><\/div><div class=\"fusion-text fusion-text-12\"><p><strong>Mr. Manuel Benigno Fern\u00e1ndez Garc\u00eda<\/strong><br \/>\n<em>Economist of Tineo City Council<\/em><\/p>\n<\/div><div class=\"fusion-title title fusion-title-16 fusion-sep-none fusion-title-text fusion-title-size-three\" style=\"--awb-text-color:#7f7c7c;--awb-margin-bottom:7px;--awb-margin-left:15px;--awb-sep-color:var(--awb-color6);--awb-font-size:15PX;\"><h3 class=\"fusion-title-heading title-heading-left\" style=\"font-family:&quot;Oswald&quot;;font-style:normal;font-weight:300;margin:0;text-transform:uppercase;font-size:1em;\"><strong>FORESTRY TECHNICAL ADVISOR<\/strong><\/h3><\/div><div class=\"fusion-text fusion-text-13\"><p><strong>Mr. Alejo Migu\u00e9lez Puerto<\/strong><br \/>\n<em>Forestry Engineer of Tineo City Council<\/em><\/p>\n<\/div><div class=\"fusion-title title fusion-title-17 fusion-sep-none fusion-title-text fusion-title-size-three\" style=\"--awb-text-color:#7f7c7c;--awb-margin-bottom:7px;--awb-margin-left:15px;--awb-sep-color:var(--awb-color6);--awb-font-size:15PX;\"><h3 class=\"fusion-title-heading title-heading-left\" style=\"font-family:&quot;Oswald&quot;;font-style:normal;font-weight:300;margin:0;text-transform:uppercase;font-size:1em;\"><strong>VOWELS<\/strong><\/h3><\/div><div class=\"fusion-text fusion-text-14\"><p><strong>Mr. Bruno L\u00f3pez Vizc\u00f3n. <\/strong><em>General Manager of AsturEX<\/em><br \/>\n<strong>Mr. Jes\u00fas Casas Grande. <\/strong><em>Tragsa Manager<\/em><br \/>\n<strong>Mr. Joaqu\u00edn Moya Sierra. <\/strong><em>Manager of Tragsa Asturias<\/em><br \/>\n<strong>Mr. Alfonso Saiz de la Oya Zamacola. <\/strong><em>Tragsa&#8217;s Fire and Emergency Manager<\/em><br \/>\n<strong>Miss. Mar\u00eda Pilar D\u00edaz Mu\u00f1oz. <\/strong><em>Head of the Forestry Service of the Principality of Asturias<\/em><br \/>\n<strong>Mr. Juan Garrote Haigermoser. <\/strong><em>Principality of Asturias<\/em><br \/>\n<strong>Miss Nieves D\u00edaz Garc\u00eda. <\/strong><em>Territorial Director of Trade and ICEX in Asturias <\/em><br \/>\n<strong>Mr. Fernando Villabella Patallo. <\/strong><em>Secretary of the Official Chamber of Commerce, Industry and Navigation of Oviedo<\/em><br \/>\n<strong>Mr. Borja Garc\u00eda Quintana. <\/strong><em>President of Asmadera (Asturian Association of Forestry and Wood Entrepreneurs).<\/em><br \/>\n<strong>Mr. C\u00e9sar P\u00e9rez \u00c1lvarez. <\/strong><em>President of UCOFA (Union of Forestry Cooperatives of Asturias)<\/em><br \/>\n<strong>Miss Luc\u00eda Nieto Gonz\u00e1lez. <\/strong><em>Forestry Engineer of the Official College of Forestry Engineers.<\/em><br \/>\n<strong>Mr. Eduardo Tolosana. <\/strong><em>Dean of the Official College of Forestry Engineers<\/em><br \/>\n<strong>Mr. Jos\u00e9 Gonz\u00e1lez Granados. <\/strong><em>Dean-President of the Official College of Forestry Technical Engineers<\/em><br \/>\n<strong>Mr. David Barroso Romero. <\/strong><em>Dean-Territorial Dean of the Official College of Forestry Technical Engineers<\/em><br \/>\n<strong>Mr. Iv\u00e1n Casta\u00f1o Fern\u00e1ndez. <\/strong><em>President of the Association of Forest Owners of Asturias<\/em><br \/>\n<strong>Mr. \u00d3scar Rodr\u00edguez Men\u00e9ndez. <\/strong><em>Manager of the Emergency Service of the Principality of Asturias<\/em><br \/>\n<strong>Miss Ana Bel\u00e9n Noriega. <\/strong><em>Secretary General of PEFC Spain<\/em><br \/>\n<strong>Miss Patricia G\u00f3mez Agrela. <\/strong><em>COSE Manager<\/em><br \/>\n<strong>Mr. Juan Alfonso A\u00f1ibarro. <\/strong><em>Member of AEVI<\/em><br \/>\n<strong>Miss Teresa Magdalena Mart\u00ednez. <\/strong><em>Spanish Federation of Associations of Forestry Companies in the Natural Environment<\/em><br \/>\n<strong>Miss Mar\u00eda Calvo Carvajal. <\/strong><em>President of FADE<\/em><br \/>\n<strong>Mr. Carlos Garc\u00eda S\u00e1nchez. <\/strong><em>General Manager of the Asturias Energy Foundation<\/em><br \/>\n<strong>Mr. Javier Nievas Andr\u00e9s. <\/strong><em>Responsible for the Rural Environment Department of Caja Rural de Asturias.<\/em><br \/>\n<strong>Mr. Jos\u00e9 Carballo. <\/strong><em>President of Unemadera<\/em><br \/>\n<strong>Mr. Miguel \u00c1ngel Duralde Rodr\u00edguez. <\/strong><em>President of ASEMFO<br \/>\n<strong>Miss. Sandra S\u00e1nchez.\u00a0<\/strong> Manager of the Biomass Technology and Business Park in Asturias<\/em><\/p>\n<\/div><\/div><\/div><\/div><\/div><\/p>\n","protected":false},"excerpt":{"rendered":"","protected":false},"author":3,"featured_media":0,"parent":0,"menu_order":0,"comment_status":"closed","ping_status":"closed","template":"","meta":{"footnotes":""},"class_list":["post-11323","page","type-page","status-publish","hentry"],"yoast_head":"<!-- This site is optimized with the Yoast SEO plugin v27.1.1 - https:\/\/yoast.com\/product\/yoast-seo-wordpress\/ -->\n<title>Organization - Asturforesta<\/title>\n<meta name=\"robots\" content=\"index, follow, max-snippet:-1, max-image-preview:large, max-video-preview:-1\" \/>\n<link rel=\"canonical\" href=\"https:\/\/www.asturforesta.es\/en\/organization\/\" \/>\n<meta property=\"og:locale\" content=\"en_US\" \/>\n<meta property=\"og:type\" content=\"article\" \/>\n<meta property=\"og:title\" content=\"Organization - Asturforesta\" \/>\n<meta property=\"og:url\" content=\"https:\/\/www.asturforesta.es\/en\/organization\/\" \/>\n<meta property=\"og:site_name\" content=\"Asturforesta\" \/>\n<meta property=\"article:publisher\" content=\"https:\/\/www.facebook.com\/Asturforesta-712870052165199\/\" \/>\n<meta property=\"article:modified_time\" content=\"2025-03-26T16:53:04+00:00\" \/>\n<meta name=\"twitter:card\" content=\"summary_large_image\" \/>\n<meta name=\"twitter:site\" content=\"@Asturforesta\" \/>\n<meta name=\"twitter:label1\" content=\"Est. reading time\" \/>\n\t<meta name=\"twitter:data1\" content=\"4 minutes\" \/>\n<script type=\"application\/ld+json\" class=\"yoast-schema-graph\">{\"@context\":\"https:\/\/schema.org\",\"@graph\":[{\"@type\":\"WebPage\",\"@id\":\"https:\/\/www.asturforesta.es\/en\/organization\/\",\"url\":\"https:\/\/www.asturforesta.es\/en\/organization\/\",\"name\":\"Organization - Asturforesta\",\"isPartOf\":{\"@id\":\"https:\/\/www.asturforesta.es\/en\/#website\"},\"datePublished\":\"2022-06-21T17:05:42+00:00\",\"dateModified\":\"2025-03-26T16:53:04+00:00\",\"breadcrumb\":{\"@id\":\"https:\/\/www.asturforesta.es\/en\/organization\/#breadcrumb\"},\"inLanguage\":\"en-US\",\"potentialAction\":[{\"@type\":\"ReadAction\",\"target\":[\"https:\/\/www.asturforesta.es\/en\/organization\/\"]}]},{\"@type\":\"BreadcrumbList\",\"@id\":\"https:\/\/www.asturforesta.es\/en\/organization\/#breadcrumb\",\"itemListElement\":[{\"@type\":\"ListItem\",\"position\":1,\"name\":\"Portada\",\"item\":\"https:\/\/www.asturforesta.es\/en\/\"},{\"@type\":\"ListItem\",\"position\":2,\"name\":\"Organization\"}]},{\"@type\":\"WebSite\",\"@id\":\"https:\/\/www.asturforesta.es\/en\/#website\",\"url\":\"https:\/\/www.asturforesta.es\/en\/\",\"name\":\"Asturforesta\",\"description\":\"Feria forestal internacional\",\"potentialAction\":[{\"@type\":\"SearchAction\",\"target\":{\"@type\":\"EntryPoint\",\"urlTemplate\":\"https:\/\/www.asturforesta.es\/en\/?s={search_term_string}\"},\"query-input\":{\"@type\":\"PropertyValueSpecification\",\"valueRequired\":true,\"valueName\":\"search_term_string\"}}],\"inLanguage\":\"en-US\"}]}<\/script>\n<!-- \/ Yoast SEO plugin. -->","yoast_head_json":{"title":"Organization - Asturforesta","robots":{"index":"index","follow":"follow","max-snippet":"max-snippet:-1","max-image-preview":"max-image-preview:large","max-video-preview":"max-video-preview:-1"},"canonical":"https:\/\/www.asturforesta.es\/en\/organization\/","og_locale":"en_US","og_type":"article","og_title":"Organization - Asturforesta","og_url":"https:\/\/www.asturforesta.es\/en\/organization\/","og_site_name":"Asturforesta","article_publisher":"https:\/\/www.facebook.com\/Asturforesta-712870052165199\/","article_modified_time":"2025-03-26T16:53:04+00:00","twitter_card":"summary_large_image","twitter_site":"@Asturforesta","twitter_misc":{"Est. reading time":"4 minutes"},"schema":{"@context":"https:\/\/schema.org","@graph":[{"@type":"WebPage","@id":"https:\/\/www.asturforesta.es\/en\/organization\/","url":"https:\/\/www.asturforesta.es\/en\/organization\/","name":"Organization - Asturforesta","isPartOf":{"@id":"https:\/\/www.asturforesta.es\/en\/#website"},"datePublished":"2022-06-21T17:05:42+00:00","dateModified":"2025-03-26T16:53:04+00:00","breadcrumb":{"@id":"https:\/\/www.asturforesta.es\/en\/organization\/#breadcrumb"},"inLanguage":"en-US","potentialAction":[{"@type":"ReadAction","target":["https:\/\/www.asturforesta.es\/en\/organization\/"]}]},{"@type":"BreadcrumbList","@id":"https:\/\/www.asturforesta.es\/en\/organization\/#breadcrumb","itemListElement":[{"@type":"ListItem","position":1,"name":"Portada","item":"https:\/\/www.asturforesta.es\/en\/"},{"@type":"ListItem","position":2,"name":"Organization"}]},{"@type":"WebSite","@id":"https:\/\/www.asturforesta.es\/en\/#website","url":"https:\/\/www.asturforesta.es\/en\/","name":"Asturforesta","description":"Feria forestal internacional","potentialAction":[{"@type":"SearchAction","target":{"@type":"EntryPoint","urlTemplate":"https:\/\/www.asturforesta.es\/en\/?s={search_term_string}"},"query-input":{"@type":"PropertyValueSpecification","valueRequired":true,"valueName":"search_term_string"}}],"inLanguage":"en-US"}]}},"_links":{"self":[{"href":"https:\/\/www.asturforesta.es\/en\/wp-json\/wp\/v2\/pages\/11323","targetHints":{"allow":["GET"]}}],"collection":[{"href":"https:\/\/www.asturforesta.es\/en\/wp-json\/wp\/v2\/pages"}],"about":[{"href":"https:\/\/www.asturforesta.es\/en\/wp-json\/wp\/v2\/types\/page"}],"author":[{"embeddable":true,"href":"https:\/\/www.asturforesta.es\/en\/wp-json\/wp\/v2\/users\/3"}],"replies":[{"embeddable":true,"href":"https:\/\/www.asturforesta.es\/en\/wp-json\/wp\/v2\/comments?post=11323"}],"version-history":[{"count":18,"href":"https:\/\/www.asturforesta.es\/en\/wp-json\/wp\/v2\/pages\/11323\/revisions"}],"predecessor-version":[{"id":12465,"href":"https:\/\/www.asturforesta.es\/en\/wp-json\/wp\/v2\/pages\/11323\/revisions\/12465"}],"wp:attachment":[{"href":"https:\/\/www.asturforesta.es\/en\/wp-json\/wp\/v2\/media?parent=11323"}],"curies":[{"name":"wp","href":"https:\/\/api.w.org\/{rel}","templated":true}]}}